{"id":7,"date":"2009-05-25T23:28:41","date_gmt":"2009-05-25T21:28:41","guid":{"rendered":"http:\/\/www.kargus-kajaki.pl\/?page_id=7"},"modified":"2019-03-31T21:33:47","modified_gmt":"2019-03-31T19:33:47","slug":"szlaki-kajakowe","status":"publish","type":"page","link":"https:\/\/www.kargowa-kajaki.pl\/?page_id=7","title":{"rendered":"Polityka prywatno\u015bci"},"content":{"rendered":"<h1>KLAUZULA INFORMACYJNA W ZWI\u0104ZKU Z ROZPORZ\u0104DZENIEM O OCHRONIE DANYCH OSOBOWYCH (RODO)<\/h1>\n<p>Przedsi\u0119biorstwo Wielobran\u017cowe \u201eKARGUS\u201d\u201d w pe\u0142ni szanuje i chroni Pa\u0144stwa dane osobowe oraz prywatno\u015b\u0107, przestrzegaj\u0105c przy tym przepis\u00f3w, kt\u00f3re reguluj\u0105 ochron\u0119 danych osobowych, w tym w szczeg\u00f3lno\u015bci wymienionych w rozporz\u0105dzeniu Parlamentu Europejskiego i Rady (UE) 2016\/679 z 27.04.2016 w sprawie ochrony os\u00f3b fizycznych w zwi\u0105zku z przetwarzaniem danych osobowych i w sprawie swobodnego przep\u0142ywu takich danych oraz uchylenia dyrektywy 95\/46\/WE (RODO), a tak\u017ce w Ustawie o ochronie danych osobowych z dn. 10.05.2018. W zwi\u0105zku z tym faktem informujemy, \u017ce w przypadku sytuacji, gdy podali nam Pa\u0144stwo swoje dane osobowe ich administratorem jest:<\/p>\n<p>Przedsi\u0119biorstwo Wielobran\u017cowe \u201eKargus\u201d Jerzy Jaszczak<br \/>\n66-120 Kargowa, Rynek 14\/4<br \/>\nNIP: <strong>9230021648<\/strong><br \/>\nTel. 607 604 245<br \/>\ne-mail: kargusjj@gazeta.pl<\/p>\n<p><strong>Cel przetwarzania danych osobowych<\/strong><\/p>\n<p>Pa\u0144stwa dane osobowe przetwarzamy w nast\u0119puj\u0105cych celach:<\/p>\n<ol>\n<li>wykonywania umowy, kt\u00f3rej s\u0105 Pa\u0144stwo stron\u0105 (w tym: obs\u0142ugiwania reklamacji, dochodzenia ewentualnych roszcze\u0144 z Pa\u0144stwa strony),<\/li>\n<li>wykonywania przez nas obowi\u0105zk\u00f3w prawnych, w szczeg\u00f3lno\u015bci dla cel\u00f3w podatkowych, rozliczeniowych oraz w zwi\u0105zku z prowadzon\u0105 rachunkowo\u015bci\u0105,<\/li>\n<li>podj\u0119cia (zawsze na Pa\u0144stwa konkretne \u017cyczenie) wszelkich dzia\u0142a\u0144 maj\u0105cych na celu ewentualne zawarcie umowy (z\u0142o\u017cenie oferty, prowadzenie korespondencji drog\u0105 elektroniczn\u0105, telefoniczn\u0105 itp.),<\/li>\n<li>kontaktowania si\u0119 z Pa\u0144stwem w celach zwi\u0105zanych z realizacj\u0105 umowy.<\/li>\n<\/ol>\n<p><strong>Przekazywanie danych innym osobom lub podmiotom<\/strong><\/p>\n<p>Dane nie b\u0119d\u0105 przekazywane osobom trzecim, za wyj\u0105tkiem wymienionych w polskim lub europejskim prawie s\u0142u\u017cb pa\u0144stwowych w przypadku ewentualnej kontroli. W szczeg\u00f3lno\u015bci, dane nie b\u0119d\u0105 przekazywane poza Europejski Obszar Gospodarczy (EOG).<\/p>\n<p><strong>Rodzaj przetwarzanych danych osobowych<\/strong><\/p>\n<ol>\n<li>Przetwarza\u0107 b\u0119dziemy wy\u0142\u0105cznie dane niezb\u0119dne do realizacji powy\u017cszych cel\u00f3w, tj. imi\u0119 i nazwisko zamawiaj\u0105cego, adres zamieszkania, adres e-mail (wy\u0142\u0105cznie w przypadku kontaktu drog\u0105 elektroniczn\u0105), numer telefonu.<\/li>\n<li>Pa\u0144stwa dane osobowe uzyskali\u015bmy\/uzyskujemy w zwi\u0105zku z:<\/li>\n<\/ol>\n<p>\u2013 pro\u015bb\u0105 o przygotowanie oferty lub informacji,<\/p>\n<p>\u2013 podaniem danych osobowych przy zakupie us\u0142ugi lub podpisywania umowy.<\/p>\n<p><strong>Dobrowolno\u015b\u0107 podania danych osobowych<\/strong><\/p>\n<p>Podanie przez Pa\u0144stwa danych osobowych jest w pe\u0142ni dobrowolne. Jednak\u017ce w okre\u015blonych sytuacjach mo\u017ce by\u0107 konieczne do realizacji us\u0142ugi ze wzgl\u0119du na istotny cel zwi\u0105zany z us\u0142ug\u0105, np. jakim jest ochrona dzieci naszych klient\u00f3w nale\u017cytej realizacji umowy oraz wype\u0142nienie ewentualnych prawnych zobowi\u0105za\u0144 ci\u0105\u017c\u0105cych na naszym przedsi\u0119biorstwie oraz bezpiecze\u0144stwa, takich jak np. kontakt w sprawie realizacji umowy wynajmu sprz\u0119tu p\u0142ywaj\u0105cego i transportu<\/p>\n<p><strong>Okres przez jaki przechowywane s\u0105 Pa\u0144stwa dane<\/strong><\/p>\n<p>Pa\u0144stwa dane zamierzamy przechowywa\u0107 w celach wymienionych wy\u017cej:<\/p>\n<ol>\n<li>W przypadku przetwarzania Pa\u0144stwa danych osobowych w zwi\u0105zku z wykonywaniem umowy, kt\u00f3rej s\u0105 Pa\u0144stwo jedn\u0105 ze stron, nie kr\u00f3cej jednak ni\u017c przez okres wynikaj\u0105cy z przepis\u00f3w prawa podatkowego i rachunkowo\u015bci (tj. minimum 5 pe\u0142nych lat podatkowych),<\/li>\n<li>1 rok w przypadku przetwarzania Pa\u0144stwa danych osobowych w celu ewentualnego zawarcia umowy i z\u0142o\u017cenia oferty, kt\u00f3ra nie skutkowa\u0142a jej zawarciem ani dokonaniem \u017cadnych p\u0142atno\u015bci,<\/li>\n<li>10 lat w przypadku, gdy wykonali Pa\u0144stwo p\u0142atno\u015b\u0107 przelewem lub kart\u0105 p\u0142atnicz\u0105,<\/li>\n<\/ol>\n<p><strong>Przys\u0142uguj\u0105ce Pa\u0144stwu prawa w zwi\u0105zku z przetwarzaniem Pa\u0144stwa danych osobowych<\/strong><\/p>\n<ol>\n<li>Maj\u0105 Pa\u0144stwo prawo do \u017c\u0105dania w ka\u017cdym momencie dost\u0119pu do Pa\u0144stwa danych osobowych oraz do ich przenoszenia, poprawiania, usuni\u0119cia lub ograniczenia przetwarzania \u2013 na wyra\u017ane polecenie.<\/li>\n<li>Posiadaj\u0105 Pa\u0144stwo tak\u017ce prawo do wniesienia w ka\u017cdej chwili sprzeciwu wobec przetwarzania swoich danych osobowych. W wyniku sprzeciwu nie b\u0119dziemy przetwarza\u0107 Pa\u0144stwa danych osobowych, z wyj\u0105tkiem sytuacji, w kt\u00f3rych wyka\u017cemy istnienie bardzo wa\u017cnych i prawnie uzasadnionych podstaw do ich przetwarzania, nadrz\u0119dnych wobec Pa\u0144stwa interes\u00f3w oraz praw i wolno\u015bci, ewentualnie w drodze wyj\u0105tku \u2013 podstaw do ustalenia, dochodzenia czy te\u017c obrony roszcze\u0144.<\/li>\n<li>Mo\u017cliwo\u015b\u0107 cofni\u0119cia zgody w ka\u017cdym momencie na przetwarzanie okre\u015blonych danych, np. zaprzestanie przetwarzania numeru telefonu lub adresu e-mail lub wszystkich danych osobowych opr\u00f3cz danych i miejsc, w kt\u00f3rych przetwarzanie nie jest wymagane prawnie, a przez to ograniczenie ich przetwarzania wy\u0142\u0105cznie do cel\u00f3w wynikaj\u0105cych z przepis\u00f3w prawa, w szczeg\u00f3lno\u015bci, je\u015bli nie by\u0142a zawierana mi\u0119dzy nami pisemna umowa, a dokumentem rachunkowo-podatkowym by\u0142 paragon. Maj\u0105 Pa\u0144stwo prawo wnie\u015b\u0107 skarg\u0119, w przypadku uznania, i\u017c przetwarzanie Pa\u0144stwa danych naruszy\u0142o przepisy krajowe i\/lub europejskie dotycz\u0105ce ochrony danych osobowych. Skarg\u0119 wnosi si\u0119 do organu nadzorczego, kt\u00f3rym jest Prezes Urz\u0119du Ochrony Danych Osobowych w Warszawie (00-193), ul. Stawki 2.<\/li>\n<li>W przypadku ch\u0119ci skontaktowania si\u0119 z nami w sprawie Pa\u0144stwa danych, prosimy u\u017cy\u0107 poni\u017cszych danych teleadresowych. Mo\u017cliwy jest zar\u00f3wno kontakt listowny, telefoniczny oraz e-mailowy:\n<p>Przedsi\u0119biorstwo Wielobran\u017cowe \u201eKargus\u201d Jerzy Jaszczak<br \/>\n66-120 Kargowa, Rynek 14\/4<br \/>\nNIP: <strong>9230021648<\/strong><br \/>\nTel. 607 604 245<br \/>\ne-mail: kargusjj@gazeta.pl<\/li>\n<\/ol>\n<p>&nbsp;<\/p>\n<p>&nbsp;<\/p>\n<p>&nbsp;<\/p>\n","protected":false},"excerpt":{"rendered":"<p>KLAUZULA INFORMACYJNA W ZWI\u0104ZKU Z ROZPORZ\u0104DZENIEM O OCHRONIE DANYCH OSOBOWYCH (RODO) Przedsi\u0119biorstwo Wielobran\u017cowe \u201eKARGUS\u201d\u201d w pe\u0142ni szanuje i chroni Pa\u0144stwa dane osobowe oraz prywatno\u015b\u0107, przestrzegaj\u0105c przy tym przepis\u00f3w, kt\u00f3re reguluj\u0105 ochron\u0119 danych osobowych, w tym w szczeg\u00f3lno\u015bci wymienionych w rozporz\u0105dzeniu Parlamentu Europejskiego i Rady (UE) 2016\/679 z 27.04.2016 w sprawie ochrony os\u00f3b fizycznych w zwi\u0105zku [&hellip;]<\/p>\n","protected":false},"author":1,"featured_media":0,"parent":0,"menu_order":2,"comment_status":"closed","ping_status":"closed","template":"","meta":{"ngg_post_thumbnail":0,"footnotes":""},"class_list":["post-7","page","type-page","status-publish","hentry"],"_links":{"self":[{"href":"https:\/\/www.kargowa-kajaki.pl\/index.php?rest_route=\/wp\/v2\/pages\/7","targetHints":{"allow":["GET"]}}],"collection":[{"href":"https:\/\/www.kargowa-kajaki.pl\/index.php?rest_route=\/wp\/v2\/pages"}],"about":[{"href":"https:\/\/www.kargowa-kajaki.pl\/index.php?rest_route=\/wp\/v2\/types\/page"}],"author":[{"embeddable":true,"href":"https:\/\/www.kargowa-kajaki.pl\/index.php?rest_route=\/wp\/v2\/users\/1"}],"replies":[{"embeddable":true,"href":"https:\/\/www.kargowa-kajaki.pl\/index.php?rest_route=%2Fwp%2Fv2%2Fcomments&post=7"}],"version-history":[{"count":45,"href":"https:\/\/www.kargowa-kajaki.pl\/index.php?rest_route=\/wp\/v2\/pages\/7\/revisions"}],"predecessor-version":[{"id":153,"href":"https:\/\/www.kargowa-kajaki.pl\/index.php?rest_route=\/wp\/v2\/pages\/7\/revisions\/153"}],"wp:attachment":[{"href":"https:\/\/www.kargowa-kajaki.pl\/index.php?rest_route=%2Fwp%2Fv2%2Fmedia&parent=7"}],"curies":[{"name":"wp","href":"https:\/\/api.w.org\/{rel}","templated":true}]}}